{"id":150,"date":"2022-06-08T21:35:30","date_gmt":"2022-06-08T19:35:30","guid":{"rendered":"https:\/\/cathydphotographies.jyan.fr\/?page_id=150"},"modified":"2022-06-30T19:30:45","modified_gmt":"2022-06-30T17:30:45","slug":"a-propos","status":"publish","type":"page","link":"https:\/\/cathydphotographies.com\/?page_id=150","title":{"rendered":"A propos"},"content":{"rendered":"<div class=\"imgap\"><img loading=\"lazy\" decoding=\"async\" class=\" wp-image-790 alignleft\" src=\"https:\/\/cathydphotographies.com\/wp-content\/uploads\/a_propos\/imgap.jpg\" alt=\"\" width=\"271\" height=\"180\" \/><\/div>\n<div class=\"apro\">N\u00e9e dans les ann\u00e9es 60, c'est vers 16 ans que j'ai d\u00e9couvert le plaisir photographique. C'\u00e9tait le temps de l'argentique, des r\u00e9glages instinctifs et de la mise au point manuelle. Apr\u00e8s une petite dizaine d'ann\u00e9es de pratique, les occupations de ma vie professionnelle et familiale ont coup\u00e9 mon \"\u00e9lan artistique\".<br \/>\nC'est en 2008 que l'id\u00e9e de reprendre la photo m'est apparue comme une \u00e9vidence. Je d\u00e9couvrais un nouveau monde, celui du num\u00e9rique. Tous mes rep\u00e8res \u00e9taient chang\u00e9s mais la passion restait intacte.<\/p>\n<div class=\"apro\">\n<div class=\"apro\">\n<p>Apr\u00e8s une longue p\u00e9riode d'exploration dans le domaine de la macro-proxi photographie, je me concentre aujourd'hui sur des s\u00e9ances portraits qui me permettent rencontres et moments de partage en toute simplicit\u00e9.<\/p>\n<div class=\"apro\">\n<div class=\"apro\">Ces s\u00e9ances sont r\u00e9alis\u00e9es avec des mod\u00e8les confirm\u00e9s ou encore plus souvent des personnes n'ayant jamais pos\u00e9, tent\u00e9es par une nouvelle exp\u00e9rience.<br \/>\nMes photos sont principalement\u00a0 des portraits serr\u00e9s, centr\u00e9s sur l'\u00e9motion et l'intensit\u00e9 des regards. Les s\u00e9ances sont r\u00e9alis\u00e9es presque exclusivement en studio, on discute, on bouge, on rit beaucoup et au milieu de tout cela on fait des photos dans une recherche d'expressions naturelles et fortes.<\/div>\n<div class=\"apro\">\n<div class=\"apro\">\n<p>J'aime articuler\u00a0 mes s\u00e9ances autour de th\u00e8mes entrant dans des s\u00e9ries. Comme la \"s\u00e9rie noire\", des portraits de caract\u00e8re en noir &amp;blanc.\u00a0 La s\u00e9rie \"d\u00e9lirium\", des portraits couleurs agr\u00e9ment\u00e9s de maquillage et d'accessoires.\u00a0 La s\u00e9rie \"d\u00e9fis personnels\", constitu\u00e9e de photos composites mettant en sc\u00e8ne le ou\u00a0 la mod\u00e8le selon mon inspiration. Et depuis peu\u00a0 la s\u00e9rie \"Fine Art\" , des portraits couleurs ou noir &amp; blanc trait\u00e9s fa\u00e7on peinture.<\/p>\n<p>Merci \u00e0 toutes celles et ceux qui entre \u00e9clats de rire et complicit\u00e9 se sont d\u00e9j\u00e0 pr\u00eat\u00e9s au jeu.\u00a0 Merci pour votre confiance.<\/p>\n<p>Pour toute demande de renseignement pour une collaboration ou autre, vous pouvez me contacter via le lien \"contact\" du menu ou sur ma page Facebook.<\/p>\n<p>Je vous souhaite une agr\u00e9able promenade dans mon univers.<\/p>\n<p>Amicalement<br \/>\nCathy Damiens<\/p>\n<\/div>\n<div class=\"aprolink\"><a href=\"https:\/\/500px.com\/cathyd\" target=\"_blank\" rel=\"noopener\">500px<\/a> - <a href=\"https:\/\/www.facebook.com\/Photographies.Cathy.D\" target=\"_blank\" rel=\"noopener\">FB <\/a>- <a style=\"font-size: revert;\" href=\"https:\/\/www.instagram.com\/cathy.damiens\/\" target=\"_blank\" rel=\"noopener\">Instagram<\/a><\/div>\n<\/div>\n<\/div>\n<\/div>\n<\/div>\n<\/div>\n","protected":false},"excerpt":{"rendered":"<p>N\u00e9e dans les ann\u00e9es 60, c&rsquo;est vers 16 ans que j&rsquo;ai d\u00e9couvert le plaisir photographique. C&rsquo;\u00e9tait le temps de l&rsquo;argentique, des r\u00e9glages instinctifs et de la mise au point manuelle. Apr\u00e8s une petite dizaine d&rsquo;ann\u00e9es de pratique, les occupations de ma vie professionnelle et familiale ont coup\u00e9 mon \u00ab\u00a0\u00e9lan artistique\u00a0\u00bb. C&rsquo;est en 2008 que l&rsquo;id\u00e9e [&hellip;]<\/p>\n","protected":false},"author":3,"featured_media":0,"parent":0,"menu_order":2,"comment_status":"closed","ping_status":"closed","template":"","meta":{"pgc_sgb_lightbox_settings":"","footnotes":""},"class_list":["post-150","page","type-page","status-publish","hentry"],"_links":{"self":[{"href":"https:\/\/cathydphotographies.com\/index.php?rest_route=\/wp\/v2\/pages\/150","targetHints":{"allow":["GET"]}}],"collection":[{"href":"https:\/\/cathydphotographies.com\/index.php?rest_route=\/wp\/v2\/pages"}],"about":[{"href":"https:\/\/cathydphotographies.com\/index.php?rest_route=\/wp\/v2\/types\/page"}],"author":[{"embeddable":true,"href":"https:\/\/cathydphotographies.com\/index.php?rest_route=\/wp\/v2\/users\/3"}],"replies":[{"embeddable":true,"href":"https:\/\/cathydphotographies.com\/index.php?rest_route=%2Fwp%2Fv2%2Fcomments&post=150"}],"version-history":[{"count":7,"href":"https:\/\/cathydphotographies.com\/index.php?rest_route=\/wp\/v2\/pages\/150\/revisions"}],"predecessor-version":[{"id":806,"href":"https:\/\/cathydphotographies.com\/index.php?rest_route=\/wp\/v2\/pages\/150\/revisions\/806"}],"wp:attachment":[{"href":"https:\/\/cathydphotographies.com\/index.php?rest_route=%2Fwp%2Fv2%2Fmedia&parent=150"}],"curies":[{"name":"wp","href":"https:\/\/api.w.org\/{rel}","templated":true}]}}